{"id":2893,"date":"2025-06-09T12:44:15","date_gmt":"2025-06-09T12:44:15","guid":{"rendered":"https:\/\/madebyclover.com\/hotelroyale\/private-veranstaltungen\/"},"modified":"2025-08-07T15:25:02","modified_gmt":"2025-08-07T15:25:02","slug":"private-veranstaltungen","status":"publish","type":"page","link":"https:\/\/www.hotel-royal.ch\/de\/private-veranstaltungen\/","title":{"rendered":"Private Veranstaltungen"},"content":{"rendered":"\t\t<div data-elementor-type=\"wp-page\" data-elementor-id=\"2893\" class=\"elementor elementor-2893 elementor-1215\" data-elementor-post-type=\"page\">\n\t\t\t\t<div class=\"elementor-element elementor-element-ecf890c e-con-full e-flex e-con e-parent\" data-id=\"ecf890c\" data-element_type=\"container\">\n\t\t<div class=\"elementor-element elementor-element-4fef94b e-flex e-con-boxed e-con e-child\" data-id=\"4fef94b\" data-element_type=\"container\">\n\t\t\t\t\t<div class=\"e-con-inner\">\n\t\t<div class=\"elementor-element elementor-element-e6d2648 e-con-full e-flex e-con e-child\" data-id=\"e6d2648\" data-element_type=\"container\">\n\t\t\t\t<div class=\"elementor-element elementor-element-08fc6c2 elementor-pagination-position-inside elementor-pagination-type-bullets elementor-widget elementor-widget-n-carousel\" data-id=\"08fc6c2\" data-element_type=\"widget\" data-settings=\"{&quot;carousel_items&quot;:[{&quot;slide_title&quot;:&quot;Seminar 1&quot;,&quot;_id&quot;:&quot;e7a4581&quot;},{&quot;slide_title&quot;:&quot;Seminar 3&quot;,&quot;_id&quot;:&quot;b1fb519&quot;}],&quot;slides_to_show&quot;:&quot;1&quot;,&quot;slides_to_scroll&quot;:&quot;1&quot;,&quot;autoplay_speed&quot;:4000,&quot;image_spacing_custom&quot;:{&quot;unit&quot;:&quot;px&quot;,&quot;size&quot;:&quot;&quot;,&quot;sizes&quot;:[]},&quot;slides_to_show_tablet&quot;:&quot;1&quot;,&quot;slides_to_show_mobile&quot;:&quot;1&quot;,&quot;autoplay&quot;:&quot;yes&quot;,&quot;pause_on_hover&quot;:&quot;yes&quot;,&quot;pause_on_interaction&quot;:&quot;yes&quot;,&quot;infinite&quot;:&quot;yes&quot;,&quot;speed&quot;:500,&quot;offset_sides&quot;:&quot;none&quot;,&quot;pagination&quot;:&quot;bullets&quot;,&quot;image_spacing_custom_tablet&quot;:{&quot;unit&quot;:&quot;px&quot;,&quot;size&quot;:&quot;&quot;,&quot;sizes&quot;:[]},&quot;image_spacing_custom_mobile&quot;:{&quot;unit&quot;:&quot;px&quot;,&quot;size&quot;:&quot;&quot;,&quot;sizes&quot;:[]}}\" data-widget_type=\"nested-carousel.default\">\n\t\t\t\t<div class=\"elementor-widget-container\">\n\t\t\t\t\t\t\t<div class=\"e-n-carousel swiper\" role=\"region\" aria-roledescription=\"carousel\" aria-label=\"Carousel\" dir=\"ltr\">\n\t\t\t<div class=\"swiper-wrapper\" aria-live=\"off\">\n\t\t\t\t\t\t\t\t\t\t<div class=\"swiper-slide\" data-slide=\"1\" role=\"group\" aria-roledescription=\"slide\" aria-label=\"1 von 2\">\n\t\t\t\t\t\t\t<div class=\"elementor-element elementor-element-3eef1a3 e-flex e-con-boxed e-con e-child\" data-id=\"3eef1a3\" data-element_type=\"container\">\n\t\t\t\t\t<div class=\"e-con-inner\">\n\t\t\t\t<div class=\"elementor-element elementor-element-18e6185 elementor-widget elementor-widget-image\" data-id=\"18e6185\" data-element_type=\"widget\" data-widget_type=\"image.default\">\n\t\t\t\t<div class=\"elementor-widget-container\">\n\t\t\t\t\t\t\t\t\t\t\t\t\t\t\t<img fetchpriority=\"high\" decoding=\"async\" width=\"800\" height=\"534\" src=\"https:\/\/www.hotel-royal.ch\/wp-content\/uploads\/2025\/06\/Depositphotos_130871984_S.jpg\" class=\"attachment-large size-large wp-image-2061\" alt=\"Weddings a\" srcset=\"https:\/\/www.hotel-royal.ch\/wp-content\/uploads\/2025\/06\/Depositphotos_130871984_S.jpg 1000w, https:\/\/www.hotel-royal.ch\/wp-content\/uploads\/2025\/06\/Depositphotos_130871984_S-300x200.jpg 300w, https:\/\/www.hotel-royal.ch\/wp-content\/uploads\/2025\/06\/Depositphotos_130871984_S-768x512.jpg 768w\" sizes=\"(max-width: 800px) 100vw, 800px\" \/>\t\t\t\t\t\t\t\t\t\t\t\t\t\t\t<\/div>\n\t\t\t\t<\/div>\n\t\t\t\t\t<\/div>\n\t\t\t\t<\/div>\n\t\t\t\t\t\t\t\t<\/div>\n\t\t\t\t\t\t\t\t\t\t\t<div class=\"swiper-slide\" data-slide=\"2\" role=\"group\" aria-roledescription=\"slide\" aria-label=\"2 von 2\">\n\t\t\t\t\t\t\t<div class=\"elementor-element elementor-element-5804b48 e-flex e-con-boxed e-con e-child\" data-id=\"5804b48\" data-element_type=\"container\">\n\t\t\t\t\t<div class=\"e-con-inner\">\n\t\t\t\t<div class=\"elementor-element elementor-element-5574488 elementor-widget elementor-widget-image\" data-id=\"5574488\" data-element_type=\"widget\" data-widget_type=\"image.default\">\n\t\t\t\t<div class=\"elementor-widget-container\">\n\t\t\t\t\t\t\t\t\t\t\t\t\t\t\t<img decoding=\"async\" width=\"800\" height=\"534\" src=\"https:\/\/www.hotel-royal.ch\/wp-content\/uploads\/2025\/05\/hotel-royal-crans-montana-chambre-bar-evenement-seminaire-ski-spa-restaurant-valais-suisse-052-1024x683.jpg\" class=\"attachment-large size-large wp-image-1926\" alt=\"Corporate event dining part in Hotel Royal Crans Montana\" srcset=\"https:\/\/www.hotel-royal.ch\/wp-content\/uploads\/2025\/05\/hotel-royal-crans-montana-chambre-bar-evenement-seminaire-ski-spa-restaurant-valais-suisse-052-1024x683.jpg 1024w, https:\/\/www.hotel-royal.ch\/wp-content\/uploads\/2025\/05\/hotel-royal-crans-montana-chambre-bar-evenement-seminaire-ski-spa-restaurant-valais-suisse-052-300x200.jpg 300w, https:\/\/www.hotel-royal.ch\/wp-content\/uploads\/2025\/05\/hotel-royal-crans-montana-chambre-bar-evenement-seminaire-ski-spa-restaurant-valais-suisse-052-768x512.jpg 768w, https:\/\/www.hotel-royal.ch\/wp-content\/uploads\/2025\/05\/hotel-royal-crans-montana-chambre-bar-evenement-seminaire-ski-spa-restaurant-valais-suisse-052.jpg 1500w\" sizes=\"(max-width: 800px) 100vw, 800px\" \/>\t\t\t\t\t\t\t\t\t\t\t\t\t\t\t<\/div>\n\t\t\t\t<\/div>\n\t\t\t\t\t<\/div>\n\t\t\t\t<\/div>\n\t\t\t\t\t\t\t\t<\/div>\n\t\t\t\t\t\t\t\t<\/div>\n\t\t<\/div>\n\t\t\t\t\t<div class=\"swiper-pagination\"><\/div>\n\t\t\t\t\t\t<\/div>\n\t\t\t\t<\/div>\n\t\t\t\t<\/div>\n\t\t<div class=\"elementor-element elementor-element-900a5af e-con-full e-flex e-con e-child\" data-id=\"900a5af\" data-element_type=\"container\">\n\t\t\t\t<div class=\"elementor-element elementor-element-1373ffb elementor-widget elementor-widget-heading\" data-id=\"1373ffb\" data-element_type=\"widget\" data-widget_type=\"heading.default\">\n\t\t\t\t<div class=\"elementor-widget-container\">\n\t\t\t\t\t<h2 class=\"elementor-heading-title elementor-size-default\">Hochzeiten<\/h2>\t\t\t\t<\/div>\n\t\t\t\t<\/div>\n\t\t\t\t<div class=\"elementor-element elementor-element-cd44edb elementor-widget elementor-widget-text-editor\" data-id=\"cd44edb\" data-element_type=\"widget\" data-widget_type=\"text-editor.default\">\n\t\t\t\t<div class=\"elementor-widget-container\">\n\t\t\t\t\t\t\t\t\t<p>Mitten im Herzen der Schweizer Alpen, umgeben von atemberaubenden Panoramablicken auf die Gipfel des Wallis, bietet unser verborgenes Juwel im Zentrum von Crans-Montana die perfekte Kulisse f\u00fcr Ihre Traumhochzeit. Unsere Event-Koordinatorin k\u00fcmmert sich um jedes Detail Ihres besonderen Tages \u2013 von intimen Zeremonien im engsten Familienkreis bis zu gro\u00dfen Feierlichkeiten mit bis zu 100 G\u00e4sten \u2013, w\u00e4hrend Sie sich ganz auf die unvergesslichen Momente konzentrieren k\u00f6nnen. Authentische K\u00fcche, liebevoll zubereitet von unserem Executive Chef, luxuri\u00f6se Unterk\u00fcnfte f\u00fcr Ihre Hochzeitsgesellschaft und die zeitlose Romantik der Schweizer Berge machen Ihre Hochzeit bei uns zu einem unvergesslichen Erlebnis f\u00fcrs Leben.  <\/p>\t\t\t\t\t\t\t\t<\/div>\n\t\t\t\t<\/div>\n\t\t\t\t<\/div>\n\t\t\t\t\t<\/div>\n\t\t\t\t<\/div>\n\t\t\t\t<\/div>\n\t\t<div class=\"elementor-element elementor-element-8af5ea5 e-con-full e-flex e-con e-parent\" data-id=\"8af5ea5\" data-element_type=\"container\">\n\t\t<div class=\"elementor-element elementor-element-129b17d e-flex e-con-boxed e-con e-child\" data-id=\"129b17d\" data-element_type=\"container\">\n\t\t\t\t\t<div class=\"e-con-inner\">\n\t\t<div class=\"elementor-element elementor-element-48c9eba e-con-full e-flex e-con e-child\" data-id=\"48c9eba\" data-element_type=\"container\" data-settings=\"{&quot;background_background&quot;:&quot;classic&quot;}\">\n\t\t\t\t<div class=\"elementor-element elementor-element-555f6dc elementor-widget elementor-widget-heading\" data-id=\"555f6dc\" data-element_type=\"widget\" data-widget_type=\"heading.default\">\n\t\t\t\t<div class=\"elementor-widget-container\">\n\t\t\t\t\t<h2 class=\"elementor-heading-title elementor-size-default\">Feiern Sie Ihre Hochzeit im Herzen von Crans-Montana<\/h2>\t\t\t\t<\/div>\n\t\t\t\t<\/div>\n\t\t\t\t<div class=\"elementor-element elementor-element-8e6a33a elementor-widget elementor-widget-text-editor\" data-id=\"8e6a33a\" data-element_type=\"widget\" data-widget_type=\"text-editor.default\">\n\t\t\t\t<div class=\"elementor-widget-container\">\n\t\t\t\t\t\t\t\t\t<p><strong>Was Sie bei einer Hochzeit im Hotel Royal erwartet:<\/strong><\/p><p><strong>Inspirierende Lage<\/strong> \u2013 Im Herzen von Crans-Montana gelegen, bietet unser Hotel atemberaubende Bergblicke, eine zentrale und zugleich private Lage sowie eine authentische Alpenchalet-Atmosph\u00e4re.<\/p><p><strong>Individuell gestaltete Gruppenaktivit\u00e4ten<\/strong> \u2013 Crans-Montana h\u00e4lt zahlreiche Outdoor-Erlebnisse bereit. Wir stellen ein Programm f\u00fcr Ihre Hochzeitsgesellschaft zusammen, das auf Ihre Interessen und Gruppengr\u00f6\u00dfe abgestimmt ist, damit Sie das Beste aus Crans-Montana genie\u00dfen k\u00f6nnen. <\/p><p><strong>Moderne Spa-Einrichtungen<\/strong> \u2013 Pool, Whirlpool, Sauna und vielf\u00e4ltige Wellness-Behandlungen erwarten Sie in unserem Spa \u2013 eine Wohltat f\u00fcr K\u00f6rper und Geist. <\/p>\t\t\t\t\t\t\t\t<\/div>\n\t\t\t\t<\/div>\n\t\t\t\t<\/div>\n\t\t<div class=\"elementor-element elementor-element-681441e e-con-full e-flex e-con e-child\" data-id=\"681441e\" data-element_type=\"container\" data-settings=\"{&quot;background_background&quot;:&quot;classic&quot;}\">\n\t\t\t\t<div class=\"elementor-element elementor-element-5f16aa3 elementor-widget elementor-widget-text-editor\" data-id=\"5f16aa3\" data-element_type=\"widget\" data-widget_type=\"text-editor.default\">\n\t\t\t\t<div class=\"elementor-widget-container\">\n\t\t\t\t\t\t\t\t\t<p><strong>Luxuri\u00f6se Unterk\u00fcnfte<\/strong> \u2013 Komfortable Zimmer und Suiten, die zur Erholung einladen, damit Sie und Ihre Hochzeitsgesellschaft Ihren besonderen Tag entspannt feiern k\u00f6nnen.<\/p><p><strong>Gourmetk\u00fcche<\/strong> \u2013 Das Hotel Royal ist bekannt f\u00fcr seine Mischung aus Bistrok\u00fcche und Gourmetgerichten. Unser Executive Chef kreiert ein Men\u00fc, das sowohl Ihren Gaumen als auch Ihre Augen begeistert.  <\/p><p><strong>Flexible und ma\u00dfgeschneiderte Angebote<\/strong> \u2013 Als familiengef\u00fchrtes Hotel wissen wir, wie wichtig dieser Tag f\u00fcr Sie und Ihre Familie ist. Wir arbeiten nicht mit vorgefertigten Vorlagen, sondern h\u00f6ren genau zu, was Sie sich f\u00fcr Ihren besonderen Tag w\u00fcnschen, und gestalten daraufhin ein individuelles Programm.  <\/p>\t\t\t\t\t\t\t\t<\/div>\n\t\t\t\t<\/div>\n\t\t\t\t<\/div>\n\t\t\t\t\t<\/div>\n\t\t\t\t<\/div>\n\t\t\t\t<\/div>\n\t\t<div class=\"elementor-element elementor-element-8bf5d06 e-con-full e-flex e-con e-parent\" data-id=\"8bf5d06\" data-element_type=\"container\" data-settings=\"{&quot;background_background&quot;:&quot;gradient&quot;}\">\n\t\t<div class=\"elementor-element elementor-element-b30fc71 e-flex e-con-boxed e-con e-child\" data-id=\"b30fc71\" data-element_type=\"container\">\n\t\t\t\t\t<div class=\"e-con-inner\">\n\t\t<div class=\"elementor-element elementor-element-572e6ca e-con-full e-flex e-con e-child\" data-id=\"572e6ca\" data-element_type=\"container\">\n\t\t\t\t<div class=\"elementor-element elementor-element-a3e5a19 elementor-pagination-position-inside elementor-pagination-type-bullets elementor-widget elementor-widget-n-carousel\" data-id=\"a3e5a19\" data-element_type=\"widget\" data-settings=\"{&quot;carousel_items&quot;:[{&quot;slide_title&quot;:&quot;Seminar 1&quot;,&quot;_id&quot;:&quot;e7a4581&quot;}],&quot;slides_to_show&quot;:&quot;1&quot;,&quot;slides_to_scroll&quot;:&quot;1&quot;,&quot;autoplay_speed&quot;:4000,&quot;image_spacing_custom&quot;:{&quot;unit&quot;:&quot;px&quot;,&quot;size&quot;:&quot;&quot;,&quot;sizes&quot;:[]},&quot;slides_to_show_tablet&quot;:&quot;1&quot;,&quot;slides_to_show_mobile&quot;:&quot;1&quot;,&quot;autoplay&quot;:&quot;yes&quot;,&quot;pause_on_hover&quot;:&quot;yes&quot;,&quot;pause_on_interaction&quot;:&quot;yes&quot;,&quot;infinite&quot;:&quot;yes&quot;,&quot;speed&quot;:500,&quot;offset_sides&quot;:&quot;none&quot;,&quot;pagination&quot;:&quot;bullets&quot;,&quot;image_spacing_custom_tablet&quot;:{&quot;unit&quot;:&quot;px&quot;,&quot;size&quot;:&quot;&quot;,&quot;sizes&quot;:[]},&quot;image_spacing_custom_mobile&quot;:{&quot;unit&quot;:&quot;px&quot;,&quot;size&quot;:&quot;&quot;,&quot;sizes&quot;:[]}}\" data-widget_type=\"nested-carousel.default\">\n\t\t\t\t<div class=\"elementor-widget-container\">\n\t\t\t\t\t\t\t<div class=\"e-n-carousel swiper\" role=\"region\" aria-roledescription=\"carousel\" aria-label=\"Carousel\" dir=\"ltr\">\n\t\t\t<div class=\"swiper-wrapper\" aria-live=\"off\">\n\t\t\t\t\t\t\t\t\t\t<div class=\"swiper-slide\" data-slide=\"1\" role=\"group\" aria-roledescription=\"slide\" aria-label=\"1 von 1\">\n\t\t\t\t\t\t\t<div class=\"elementor-element elementor-element-75e0795 e-flex e-con-boxed e-con e-child\" data-id=\"75e0795\" data-element_type=\"container\">\n\t\t\t\t\t<div class=\"e-con-inner\">\n\t\t\t\t<div class=\"elementor-element elementor-element-dc3fb41 elementor-widget elementor-widget-image\" data-id=\"dc3fb41\" data-element_type=\"widget\" data-widget_type=\"image.default\">\n\t\t\t\t<div class=\"elementor-widget-container\">\n\t\t\t\t\t\t\t\t\t\t\t\t\t\t\t<img decoding=\"async\" width=\"800\" height=\"543\" src=\"https:\/\/www.hotel-royal.ch\/wp-content\/uploads\/2025\/06\/Depositphotos_310906036_S.jpg\" class=\"attachment-large size-large wp-image-2064\" alt=\"Family event at Hotel Royal Crans Montana\" srcset=\"https:\/\/www.hotel-royal.ch\/wp-content\/uploads\/2025\/06\/Depositphotos_310906036_S.jpg 1000w, https:\/\/www.hotel-royal.ch\/wp-content\/uploads\/2025\/06\/Depositphotos_310906036_S-300x204.jpg 300w, https:\/\/www.hotel-royal.ch\/wp-content\/uploads\/2025\/06\/Depositphotos_310906036_S-768x521.jpg 768w\" sizes=\"(max-width: 800px) 100vw, 800px\" \/>\t\t\t\t\t\t\t\t\t\t\t\t\t\t\t<\/div>\n\t\t\t\t<\/div>\n\t\t\t\t\t<\/div>\n\t\t\t\t<\/div>\n\t\t\t\t\t\t\t\t<\/div>\n\t\t\t\t\t\t\t\t<\/div>\n\t\t<\/div>\n\t\t\t\t\t\t<\/div>\n\t\t\t\t<\/div>\n\t\t\t\t<\/div>\n\t\t<div class=\"elementor-element elementor-element-0011487 e-con-full e-flex e-con e-child\" data-id=\"0011487\" data-element_type=\"container\" data-settings=\"{&quot;sticky&quot;:&quot;top&quot;,&quot;sticky_on&quot;:[&quot;desktop&quot;,&quot;tablet&quot;],&quot;sticky_offset&quot;:20,&quot;sticky_parent&quot;:&quot;yes&quot;,&quot;sticky_effects_offset&quot;:0,&quot;sticky_anchor_link_offset&quot;:0}\">\n\t\t\t\t<div class=\"elementor-element elementor-element-5c3513a elementor-widget elementor-widget-heading\" data-id=\"5c3513a\" data-element_type=\"widget\" data-widget_type=\"heading.default\">\n\t\t\t\t<div class=\"elementor-widget-container\">\n\t\t\t\t\t<h2 class=\"elementor-heading-title elementor-size-default\">Familienfeiern<\/h2>\t\t\t\t<\/div>\n\t\t\t\t<\/div>\n\t\t\t\t<div class=\"elementor-element elementor-element-0da9bdd elementor-widget elementor-widget-text-editor\" data-id=\"0da9bdd\" data-element_type=\"widget\" data-widget_type=\"text-editor.default\">\n\t\t\t\t<div class=\"elementor-widget-container\">\n\t\t\t\t\t\t\t\t\t<p>Feiern Sie mit uns die wertvollsten Momente im Kreis der Familie \u2013 sei es ein Geburtstag, ein Jubil\u00e4um oder ein Wiedersehen mit den Menschen, die man viel zu selten sieht. Gemeinsam erstellen wir f\u00fcr Sie einen individuellen Plan und ein Men\u00fc, das f\u00fcr alle passt. Gern unterst\u00fctzen wir Sie auch bei der Zusammenstellung eines Programms mit Aktivit\u00e4ten in der Umgebung, damit Sie die spektakul\u00e4re Landschaft von Crans-Montana voll auskosten k\u00f6nnen. Mit luxuri\u00f6sen Unterk\u00fcnften f\u00fcr mitreisende Familienmitglieder, Annehmlichkeiten wie unserem Spa- und Freizeitbereich sowie der ruhigen, inspirierenden Atmosph\u00e4re der Berge wird Ihre Familienfeier zu einem unvergesslichen Erlebnis f\u00fcr alle Beteiligten.   <\/p>\t\t\t\t\t\t\t\t<\/div>\n\t\t\t\t<\/div>\n\t\t\t\t<\/div>\n\t\t\t\t\t<\/div>\n\t\t\t\t<\/div>\n\t\t\t\t<\/div>\n\t\t<div class=\"elementor-element elementor-element-c881c3e elementor-hidden-mobile e-flex e-con-boxed e-con e-parent\" data-id=\"c881c3e\" data-element_type=\"container\">\n\t\t\t\t\t<div class=\"e-con-inner\">\n\t\t<div class=\"elementor-element elementor-element-d1b284e e-con-full e-flex e-con e-child\" data-id=\"d1b284e\" data-element_type=\"container\">\n\t\t\t\t<div class=\"elementor-element elementor-element-88adb72 elementor-widget elementor-widget-n-accordion\" data-id=\"88adb72\" data-element_type=\"widget\" data-settings=\"{&quot;default_state&quot;:&quot;expanded&quot;,&quot;max_items_expended&quot;:&quot;one&quot;,&quot;n_accordion_animation_duration&quot;:{&quot;unit&quot;:&quot;ms&quot;,&quot;size&quot;:400,&quot;sizes&quot;:[]}}\" data-widget_type=\"nested-accordion.default\">\n\t\t\t\t<div class=\"elementor-widget-container\">\n\t\t\t\t\t\t\t<div class=\"e-n-accordion\" aria-label=\"Accordion. Open links with Enter or Space, close with Escape, and navigate with Arrow Keys\">\n\t\t\t\t\t\t<details id=\"e-n-accordion-item-1430\" class=\"e-n-accordion-item\" open>\n\t\t\t\t<summary class=\"e-n-accordion-item-title\" data-accordion-index=\"1\" tabindex=\"0\" aria-expanded=\"true\" aria-controls=\"e-n-accordion-item-1430\" >\n\t\t\t\t\t<span class='e-n-accordion-item-title-header'><div class=\"e-n-accordion-item-title-text\"> Welche Hochzeitslocations und Dienstleistungen bietet das Hotel Royal in Crans-Montana an? <\/div><\/span>\n\t\t\t\t\t\t\t<span class='e-n-accordion-item-title-icon'>\n\t\t\t<span class='e-opened' ><i aria-hidden=\"true\" class=\"jki jki-minus-circle-solid\"><\/i><\/span>\n\t\t\t<span class='e-closed'><i aria-hidden=\"true\" class=\"jki jki-plus-circle-solid\"><\/i><\/span>\n\t\t<\/span>\n\n\t\t\t\t\t\t<\/summary>\n\t\t\t\t<div role=\"region\" aria-labelledby=\"e-n-accordion-item-1430\" class=\"elementor-element elementor-element-954ec79 e-con-full e-flex e-con e-child\" data-id=\"954ec79\" data-element_type=\"container\">\n\t\t\t\t<div class=\"elementor-element elementor-element-83ad193 elementor-widget elementor-widget-text-editor\" data-id=\"83ad193\" data-element_type=\"widget\" data-widget_type=\"text-editor.default\">\n\t\t\t\t<div class=\"elementor-widget-container\">\n\t\t\t\t\t\t\t\t\t<p>Das Hotel Royal bietet Hochzeitslocations mit Bergblick und luxuri\u00f6sen Einrichtungen f\u00fcr Zeremonien und Empf\u00e4nge in Crans-Montana. Das Hotel verf\u00fcgt \u00fcber 107 Quadratmeter Veranstaltungsfl\u00e4che, die f\u00fcr Hochzeitszeremonien oder Empf\u00e4nge genutzt werden kann, wobei die Alpenkulisse eine malerische Hintergrundlandschaft f\u00fcr Fotos und Feiern bietet. Zu den Veranstaltungsorten z\u00e4hlen das Restaurant Le Cadre Royal f\u00fcr Dinner-Empf\u00e4nge mit franz\u00f6sischer und mediterraner K\u00fcche sowie die Cadre 32 Lounge Bar f\u00fcr Cocktailempf\u00e4nge und abendliche Feiern mit Live-Musik. Das Eventteam des Hotels koordiniert alle Hochzeitsdetails, einschlie\u00dflich Blumendekorationen und Men\u00fcplanung, w\u00e4hrend die luxuri\u00f6sen Unterk\u00fcnfte wie die Suite Royale mit 75m\u00b2 Fl\u00e4che und einem 17m\u00b2 gro\u00dfen Balkon mit Bergblick ideal f\u00fcr Flitterwochen sind. Die zentrale Lage des Hotels Royal in Crans-Montana erm\u00f6glicht auch Zeremonien im Freien an Seen oder auf Bergterrassen, w\u00e4hrend die Spa-Einrichtungen des Hotels Behandlungen und Entspannung f\u00fcr Brautpartys vor der Hochzeit bieten.    <\/p>\t\t\t\t\t\t\t\t<\/div>\n\t\t\t\t<\/div>\n\t\t\t\t<\/div>\n\t\t\t\t\t<\/details>\n\t\t\t\t\t\t<details id=\"e-n-accordion-item-1431\" class=\"e-n-accordion-item\" >\n\t\t\t\t<summary class=\"e-n-accordion-item-title\" data-accordion-index=\"2\" tabindex=\"-1\" aria-expanded=\"false\" aria-controls=\"e-n-accordion-item-1431\" >\n\t\t\t\t\t<span class='e-n-accordion-item-title-header'><div class=\"e-n-accordion-item-title-text\"> Wie kann das Hotel Royal bedeutende Feiern und Jubil\u00e4umspartys in Crans-Montana ausrichten? <\/div><\/span>\n\t\t\t\t\t\t\t<span class='e-n-accordion-item-title-icon'>\n\t\t\t<span class='e-opened' ><i aria-hidden=\"true\" class=\"jki jki-minus-circle-solid\"><\/i><\/span>\n\t\t\t<span class='e-closed'><i aria-hidden=\"true\" class=\"jki jki-plus-circle-solid\"><\/i><\/span>\n\t\t<\/span>\n\n\t\t\t\t\t\t<\/summary>\n\t\t\t\t<div role=\"region\" aria-labelledby=\"e-n-accordion-item-1431\" class=\"elementor-element elementor-element-0cb1743 e-con-full e-flex e-con e-child\" data-id=\"0cb1743\" data-element_type=\"container\">\n\t\t\t\t<div class=\"elementor-element elementor-element-67fea3d elementor-widget elementor-widget-text-editor\" data-id=\"67fea3d\" data-element_type=\"widget\" data-widget_type=\"text-editor.default\">\n\t\t\t\t<div class=\"elementor-widget-container\">\n\t\t\t\t\t\t\t\t\t<p>Das Hotel Royal richtet bedeutende Feiern und Jubil\u00e4umspartys aus und bietet personalisierten Service sowie alpine Bergkulissen f\u00fcr besondere Anl\u00e4sse. Die Veranstaltungsr\u00e4ume des Hotels lassen sich f\u00fcr intime Jubil\u00e4umsessen oder gr\u00f6\u00dfere Familientreffen anpassen, bei denen bedeutende Meilensteine wie Hochzeitstage oder runde Geburtstage gefeiert werden. Das K\u00fcchenteam des Hotels kreiert individuelle Men\u00fcs mit regionalen Walliser Spezialit\u00e4ten und Weinen, w\u00e4hrend der Sommelier Weinverkostungen oder Champagnerservice mit Blick auf die Berge organisiert. F\u00fcr besondere Anl\u00e4sse bietet das Hotel exklusive Erlebnisse wie Helikopterfl\u00fcge \u00fcber die Schweizer Alpen, private Spa-Behandlungen oder Zugang zu regionalen Highlights wie Weintouren. Der Concierge organisiert \u00dcberraschungselemente wie Live-Unterhaltung, Dekorationen und Fotografen mit der Bergkulisse von Crans-Montana. Die komfortablen Unterk\u00fcnfte im Hotel Royal sorgen daf\u00fcr, dass alle G\u00e4ste bequem untergebracht sind, w\u00e4hrend Service und Umgebung den passenden Rahmen f\u00fcr besondere Feiern bieten.     <\/p>\t\t\t\t\t\t\t\t<\/div>\n\t\t\t\t<\/div>\n\t\t\t\t<\/div>\n\t\t\t\t\t<\/details>\n\t\t\t\t\t<\/div>\n\t\t\t\t\t\t<\/div>\n\t\t\t\t<\/div>\n\t\t\t\t<\/div>\n\t\t<div class=\"elementor-element elementor-element-5c91486 e-con-full e-flex e-con e-child\" data-id=\"5c91486\" data-element_type=\"container\">\n\t\t\t\t<div class=\"elementor-element elementor-element-d62ffbd elementor-widget elementor-widget-n-accordion\" data-id=\"d62ffbd\" data-element_type=\"widget\" data-settings=\"{&quot;default_state&quot;:&quot;expanded&quot;,&quot;max_items_expended&quot;:&quot;one&quot;,&quot;n_accordion_animation_duration&quot;:{&quot;unit&quot;:&quot;ms&quot;,&quot;size&quot;:400,&quot;sizes&quot;:[]}}\" data-widget_type=\"nested-accordion.default\">\n\t\t\t\t<div class=\"elementor-widget-container\">\n\t\t\t\t\t\t\t<div class=\"e-n-accordion\" aria-label=\"Accordion. Open links with Enter or Space, close with Escape, and navigate with Arrow Keys\">\n\t\t\t\t\t\t<details id=\"e-n-accordion-item-2240\" class=\"e-n-accordion-item\" open>\n\t\t\t\t<summary class=\"e-n-accordion-item-title\" data-accordion-index=\"1\" tabindex=\"0\" aria-expanded=\"true\" aria-controls=\"e-n-accordion-item-2240\" >\n\t\t\t\t\t<span class='e-n-accordion-item-title-header'><div class=\"e-n-accordion-item-title-text\"> Welche M\u00f6glichkeiten f\u00fcr private Feiern und Familientreffen bietet das Hotel Royal in Crans-Montana? <\/div><\/span>\n\t\t\t\t\t\t\t<span class='e-n-accordion-item-title-icon'>\n\t\t\t<span class='e-opened' ><i aria-hidden=\"true\" class=\"jki jki-minus-circle-solid\"><\/i><\/span>\n\t\t\t<span class='e-closed'><i aria-hidden=\"true\" class=\"jki jki-plus-circle-solid\"><\/i><\/span>\n\t\t<\/span>\n\n\t\t\t\t\t\t<\/summary>\n\t\t\t\t<div role=\"region\" aria-labelledby=\"e-n-accordion-item-2240\" class=\"elementor-element elementor-element-593199a e-con-full e-flex e-con e-child\" data-id=\"593199a\" data-element_type=\"container\">\n\t\t\t\t<div class=\"elementor-element elementor-element-217fcd5 elementor-widget elementor-widget-text-editor\" data-id=\"217fcd5\" data-element_type=\"widget\" data-widget_type=\"text-editor.default\">\n\t\t\t\t<div class=\"elementor-widget-container\">\n\t\t\t\t\t\t\t\t\t<p>Das Hotel Royal bietet R\u00e4umlichkeiten und Dienstleistungen f\u00fcr private Feiern, Familientreffen, Geburtstagsfeiern und besondere Anl\u00e4sse in den Schweizer Alpen. Die Veranstaltungsr\u00e4ume des Hotels eignen sich sowohl f\u00fcr intime Familientreffen als auch gr\u00f6\u00dfere Geburtstagsfeiern, mit flexiblen Raumaufteilungen und ma\u00dfgeschneiderten Catering-Optionen f\u00fcr jede Art von Feier. Familien profitieren von Verbindungsm\u00f6glichkeiten zwischen Zimmern, sodass gr\u00f6\u00dfere Familiengruppen gemeinsam wohnen und dabei den beheizten Innenpool, die Spa-Einrichtungen und Zimmer mit Bergblick genie\u00dfen k\u00f6nnen. Das Hotel kann Geburtstagsfeiern mit privaten Abendessen im Restaurant Le Cadre Royal, individuellen Torten und alpinen Aktivit\u00e4ten wie gef\u00fchrten Familienwanderungen, Weinverkostungen oder saisonalen Outdoor-Erlebnissen organisieren. Die Lage des Hotels bietet Zugang zu Familienaktivit\u00e4ten wie der Eislaufbahn Ycoor, Wanderwegen und lokalen Attraktionen. Das Eventteam des Hotels koordiniert Familienfeiern, einschlie\u00dflich spezieller Ern\u00e4hrungsw\u00fcnsche und Gruppenaktivit\u00e4ten im Raum Crans-Montana.     <\/p>\t\t\t\t\t\t\t\t<\/div>\n\t\t\t\t<\/div>\n\t\t\t\t<\/div>\n\t\t\t\t\t<\/details>\n\t\t\t\t\t\t<details id=\"e-n-accordion-item-2241\" class=\"e-n-accordion-item\" >\n\t\t\t\t<summary class=\"e-n-accordion-item-title\" data-accordion-index=\"2\" tabindex=\"-1\" aria-expanded=\"false\" aria-controls=\"e-n-accordion-item-2241\" >\n\t\t\t\t\t<span class='e-n-accordion-item-title-header'><div class=\"e-n-accordion-item-title-text\"> Warum ist das Hotel Royal der perfekte Ort f\u00fcr Feiern und besondere Veranstaltungen in den Schweizer Alpen? <\/div><\/span>\n\t\t\t\t\t\t\t<span class='e-n-accordion-item-title-icon'>\n\t\t\t<span class='e-opened' ><i aria-hidden=\"true\" class=\"jki jki-minus-circle-solid\"><\/i><\/span>\n\t\t\t<span class='e-closed'><i aria-hidden=\"true\" class=\"jki jki-plus-circle-solid\"><\/i><\/span>\n\t\t<\/span>\n\n\t\t\t\t\t\t<\/summary>\n\t\t\t\t<div role=\"region\" aria-labelledby=\"e-n-accordion-item-2241\" class=\"elementor-element elementor-element-b163a39 e-con-full e-flex e-con e-child\" data-id=\"b163a39\" data-element_type=\"container\">\n\t\t\t\t<div class=\"elementor-element elementor-element-ba5c0a5 elementor-widget elementor-widget-text-editor\" data-id=\"ba5c0a5\" data-element_type=\"widget\" data-widget_type=\"text-editor.default\">\n\t\t\t\t<div class=\"elementor-widget-container\">\n\t\t\t\t\t\t\t\t\t<p>Das Hotel Royal bietet exklusive Dienstleistungen f\u00fcr Feierlichkeiten und kombiniert luxuri\u00f6se Einrichtungen mit der alpinen Lage in Crans-Montana \u2013 ideal f\u00fcr Hochzeiten, Jubil\u00e4en und besondere Anl\u00e4sse. Crans-Montana erm\u00f6glicht Feiern zu jeder Jahreszeit: von Winterhochzeiten mit Schnee bis hin zu Sommerfesten mit Almwiesen und nahegelegenen Seen. Das Hotel Royal bietet luxuri\u00f6se Unterk\u00fcnfte f\u00fcr G\u00e4ste, kulinarische Erlebnisse und Zugang zu typischen Schweizer Aktivit\u00e4ten wie Zugfahrten durch die Berge, Gletscherbesuche und alpine Traditionen. Das mehrsprachige Personal sorgt f\u00fcr die Betreuung internationaler G\u00e4ste, w\u00e4hrend Einrichtungen wie Spa-Behandlungen, Restaurants und Abendunterhaltung allen Feieranspr\u00fcchen gerecht werden. Die hohen Servicestandards und Diskretion machen das Hotel auch f\u00fcr prominente G\u00e4ste attraktiv, w\u00e4hrend Crans-Montana mit seiner Naturlandschaft die perfekte Kulisse bietet. Die Kombination aus Schweizer Gastfreundschaft, alpiner Umgebung und gehobenem Komfort macht das Hotel Royal zur idealen Wahl f\u00fcr Paare und Familien, die eine unvergessliche Feier in den Bergen Europas suchen.     <\/p>\t\t\t\t\t\t\t\t<\/div>\n\t\t\t\t<\/div>\n\t\t\t\t<\/div>\n\t\t\t\t\t<\/details>\n\t\t\t\t\t<\/div>\n\t\t\t\t\t\t<\/div>\n\t\t\t\t<\/div>\n\t\t\t\t<\/div>\n\t\t\t\t\t<\/div>\n\t\t\t\t<\/div>\n\t\t<div class=\"elementor-element elementor-element-5ef12ae elementor-hidden-desktop elementor-hidden-tablet e-flex e-con-boxed e-con e-parent\" data-id=\"5ef12ae\" data-element_type=\"container\">\n\t\t\t\t\t<div class=\"e-con-inner\">\n\t\t<div class=\"elementor-element elementor-element-e9cf1e1 e-con-full e-flex e-con e-child\" data-id=\"e9cf1e1\" data-element_type=\"container\">\n\t\t\t\t<div class=\"elementor-element elementor-element-35a98f0 elementor-widget elementor-widget-n-accordion\" data-id=\"35a98f0\" data-element_type=\"widget\" data-settings=\"{&quot;default_state&quot;:&quot;expanded&quot;,&quot;max_items_expended&quot;:&quot;one&quot;,&quot;n_accordion_animation_duration&quot;:{&quot;unit&quot;:&quot;ms&quot;,&quot;size&quot;:400,&quot;sizes&quot;:[]}}\" data-widget_type=\"nested-accordion.default\">\n\t\t\t\t<div class=\"elementor-widget-container\">\n\t\t\t\t\t\t\t<div class=\"e-n-accordion\" aria-label=\"Accordion. Open links with Enter or Space, close with Escape, and navigate with Arrow Keys\">\n\t\t\t\t\t\t<details id=\"e-n-accordion-item-5620\" class=\"e-n-accordion-item\" open>\n\t\t\t\t<summary class=\"e-n-accordion-item-title\" data-accordion-index=\"1\" tabindex=\"0\" aria-expanded=\"true\" aria-controls=\"e-n-accordion-item-5620\" >\n\t\t\t\t\t<span class='e-n-accordion-item-title-header'><div class=\"e-n-accordion-item-title-text\"> Welche Hochzeitslocations und Dienstleistungen bietet das Hotel Royal in Crans-Montana an? <\/div><\/span>\n\t\t\t\t\t\t\t<span class='e-n-accordion-item-title-icon'>\n\t\t\t<span class='e-opened' ><i aria-hidden=\"true\" class=\"jki jki-minus-circle-solid\"><\/i><\/span>\n\t\t\t<span class='e-closed'><i aria-hidden=\"true\" class=\"jki jki-plus-circle-solid\"><\/i><\/span>\n\t\t<\/span>\n\n\t\t\t\t\t\t<\/summary>\n\t\t\t\t<div role=\"region\" aria-labelledby=\"e-n-accordion-item-5620\" class=\"elementor-element elementor-element-f9b6304 e-con-full e-flex e-con e-child\" data-id=\"f9b6304\" data-element_type=\"container\">\n\t\t\t\t<div class=\"elementor-element elementor-element-09252f8 elementor-widget elementor-widget-text-editor\" data-id=\"09252f8\" data-element_type=\"widget\" data-widget_type=\"text-editor.default\">\n\t\t\t\t<div class=\"elementor-widget-container\">\n\t\t\t\t\t\t\t\t\t<p>Das Hotel Royal bietet Hochzeitslocations mit Bergblick und luxuri\u00f6sen Einrichtungen f\u00fcr Zeremonien und Empf\u00e4nge in Crans-Montana. Das Hotel verf\u00fcgt \u00fcber 107 Quadratmeter Veranstaltungsfl\u00e4che, die f\u00fcr Hochzeitszeremonien oder Empf\u00e4nge genutzt werden kann, wobei die Alpenkulisse eine malerische Hintergrundlandschaft f\u00fcr Fotos und Feiern bietet. Zu den Veranstaltungsorten z\u00e4hlen das Restaurant Le Cadre Royal f\u00fcr Dinner-Empf\u00e4nge mit franz\u00f6sischer und mediterraner K\u00fcche sowie die Cadre 32 Lounge Bar f\u00fcr Cocktailempf\u00e4nge und abendliche Feiern mit Live-Musik. Das Eventteam des Hotels koordiniert alle Hochzeitsdetails, einschlie\u00dflich Blumendekorationen und Men\u00fcplanung, w\u00e4hrend die luxuri\u00f6sen Unterk\u00fcnfte wie die Suite Royale mit 75m\u00b2 Fl\u00e4che und einem 17m\u00b2 gro\u00dfen Balkon mit Bergblick ideal f\u00fcr Flitterwochen sind. Die zentrale Lage des Hotels Royal in Crans-Montana erm\u00f6glicht auch Zeremonien im Freien an Seen oder auf Bergterrassen, w\u00e4hrend die Spa-Einrichtungen des Hotels Behandlungen und Entspannung f\u00fcr Brautpartys vor der Hochzeit bieten.    <\/p>\t\t\t\t\t\t\t\t<\/div>\n\t\t\t\t<\/div>\n\t\t\t\t<\/div>\n\t\t\t\t\t<\/details>\n\t\t\t\t\t\t<details id=\"e-n-accordion-item-5621\" class=\"e-n-accordion-item\" >\n\t\t\t\t<summary class=\"e-n-accordion-item-title\" data-accordion-index=\"2\" tabindex=\"-1\" aria-expanded=\"false\" aria-controls=\"e-n-accordion-item-5621\" >\n\t\t\t\t\t<span class='e-n-accordion-item-title-header'><div class=\"e-n-accordion-item-title-text\"> Wie kann das Hotel Royal bedeutende Feiern und Jubil\u00e4umspartys in Crans-Montana ausrichten? <\/div><\/span>\n\t\t\t\t\t\t\t<span class='e-n-accordion-item-title-icon'>\n\t\t\t<span class='e-opened' ><i aria-hidden=\"true\" class=\"jki jki-minus-circle-solid\"><\/i><\/span>\n\t\t\t<span class='e-closed'><i aria-hidden=\"true\" class=\"jki jki-plus-circle-solid\"><\/i><\/span>\n\t\t<\/span>\n\n\t\t\t\t\t\t<\/summary>\n\t\t\t\t<div role=\"region\" aria-labelledby=\"e-n-accordion-item-5621\" class=\"elementor-element elementor-element-437b996 e-con-full e-flex e-con e-child\" data-id=\"437b996\" data-element_type=\"container\">\n\t\t\t\t<div class=\"elementor-element elementor-element-7f1b1c6 elementor-widget elementor-widget-text-editor\" data-id=\"7f1b1c6\" data-element_type=\"widget\" data-widget_type=\"text-editor.default\">\n\t\t\t\t<div class=\"elementor-widget-container\">\n\t\t\t\t\t\t\t\t\t<p>Das Hotel Royal richtet bedeutende Feiern und Jubil\u00e4umspartys aus und bietet personalisierten Service sowie alpine Bergkulissen f\u00fcr besondere Anl\u00e4sse. Die Veranstaltungsr\u00e4ume des Hotels lassen sich f\u00fcr intime Jubil\u00e4umsessen oder gr\u00f6\u00dfere Familientreffen anpassen, bei denen bedeutende Meilensteine wie Hochzeitstage oder runde Geburtstage gefeiert werden. Das K\u00fcchenteam des Hotels kreiert individuelle Men\u00fcs mit regionalen Walliser Spezialit\u00e4ten und Weinen, w\u00e4hrend der Sommelier Weinverkostungen oder Champagnerservice mit Blick auf die Berge organisiert. F\u00fcr besondere Anl\u00e4sse bietet das Hotel exklusive Erlebnisse wie Helikopterfl\u00fcge \u00fcber die Schweizer Alpen, private Spa-Behandlungen oder Zugang zu regionalen Highlights wie Weintouren. Der Concierge organisiert \u00dcberraschungselemente wie Live-Unterhaltung, Dekorationen und Fotografen mit der Bergkulisse von Crans-Montana. Die komfortablen Unterk\u00fcnfte im Hotel Royal sorgen daf\u00fcr, dass alle G\u00e4ste bequem untergebracht sind, w\u00e4hrend Service und Umgebung den passenden Rahmen f\u00fcr besondere Feiern bieten.     <\/p>\t\t\t\t\t\t\t\t<\/div>\n\t\t\t\t<\/div>\n\t\t\t\t<\/div>\n\t\t\t\t\t<\/details>\n\t\t\t\t\t<\/div>\n\t\t\t\t\t\t<\/div>\n\t\t\t\t<\/div>\n\t\t\t\t<\/div>\n\t\t<div class=\"elementor-element elementor-element-9b35c14 e-con-full e-flex e-con e-child\" data-id=\"9b35c14\" data-element_type=\"container\">\n\t\t\t\t<div class=\"elementor-element elementor-element-2712078 elementor-widget elementor-widget-n-accordion\" data-id=\"2712078\" data-element_type=\"widget\" data-settings=\"{&quot;default_state&quot;:&quot;all_collapsed&quot;,&quot;max_items_expended&quot;:&quot;one&quot;,&quot;n_accordion_animation_duration&quot;:{&quot;unit&quot;:&quot;ms&quot;,&quot;size&quot;:400,&quot;sizes&quot;:[]}}\" data-widget_type=\"nested-accordion.default\">\n\t\t\t\t<div class=\"elementor-widget-container\">\n\t\t\t\t\t\t\t<div class=\"e-n-accordion\" aria-label=\"Accordion. Open links with Enter or Space, close with Escape, and navigate with Arrow Keys\">\n\t\t\t\t\t\t<details id=\"e-n-accordion-item-4090\" class=\"e-n-accordion-item\" >\n\t\t\t\t<summary class=\"e-n-accordion-item-title\" data-accordion-index=\"1\" tabindex=\"0\" aria-expanded=\"false\" aria-controls=\"e-n-accordion-item-4090\" >\n\t\t\t\t\t<span class='e-n-accordion-item-title-header'><div class=\"e-n-accordion-item-title-text\"> Welche M\u00f6glichkeiten f\u00fcr private Feiern und Familientreffen bietet das Hotel Royal in Crans-Montana? <\/div><\/span>\n\t\t\t\t\t\t\t<span class='e-n-accordion-item-title-icon'>\n\t\t\t<span class='e-opened' ><i aria-hidden=\"true\" class=\"jki jki-minus-circle-solid\"><\/i><\/span>\n\t\t\t<span class='e-closed'><i aria-hidden=\"true\" class=\"jki jki-plus-circle-solid\"><\/i><\/span>\n\t\t<\/span>\n\n\t\t\t\t\t\t<\/summary>\n\t\t\t\t<div role=\"region\" aria-labelledby=\"e-n-accordion-item-4090\" class=\"elementor-element elementor-element-89909e6 e-con-full e-flex e-con e-child\" data-id=\"89909e6\" data-element_type=\"container\">\n\t\t\t\t<div class=\"elementor-element elementor-element-d88210e elementor-widget elementor-widget-text-editor\" data-id=\"d88210e\" data-element_type=\"widget\" data-widget_type=\"text-editor.default\">\n\t\t\t\t<div class=\"elementor-widget-container\">\n\t\t\t\t\t\t\t\t\t<p>Das Hotel Royal bietet R\u00e4umlichkeiten und Dienstleistungen f\u00fcr private Feiern, Familientreffen, Geburtstagsfeiern und besondere Anl\u00e4sse in den Schweizer Alpen. Die Veranstaltungsr\u00e4ume des Hotels eignen sich sowohl f\u00fcr intime Familientreffen als auch gr\u00f6\u00dfere Geburtstagsfeiern, mit flexiblen Raumaufteilungen und ma\u00dfgeschneiderten Catering-Optionen f\u00fcr jede Art von Feier. Familien profitieren von Verbindungsm\u00f6glichkeiten zwischen Zimmern, sodass gr\u00f6\u00dfere Familiengruppen gemeinsam wohnen und dabei den beheizten Innenpool, die Spa-Einrichtungen und Zimmer mit Bergblick genie\u00dfen k\u00f6nnen. Das Hotel kann Geburtstagsfeiern mit privaten Abendessen im Restaurant Le Cadre Royal, individuellen Torten und alpinen Aktivit\u00e4ten wie gef\u00fchrten Familienwanderungen, Weinverkostungen oder saisonalen Outdoor-Erlebnissen organisieren. Die Lage des Hotels bietet Zugang zu Familienaktivit\u00e4ten wie der Eislaufbahn Ycoor, Wanderwegen und lokalen Attraktionen. Das Eventteam des Hotels koordiniert Familienfeiern, einschlie\u00dflich spezieller Ern\u00e4hrungsw\u00fcnsche und Gruppenaktivit\u00e4ten im Raum Crans-Montana.     <\/p>\t\t\t\t\t\t\t\t<\/div>\n\t\t\t\t<\/div>\n\t\t\t\t<\/div>\n\t\t\t\t\t<\/details>\n\t\t\t\t\t\t<details id=\"e-n-accordion-item-4091\" class=\"e-n-accordion-item\" >\n\t\t\t\t<summary class=\"e-n-accordion-item-title\" data-accordion-index=\"2\" tabindex=\"-1\" aria-expanded=\"false\" aria-controls=\"e-n-accordion-item-4091\" >\n\t\t\t\t\t<span class='e-n-accordion-item-title-header'><div class=\"e-n-accordion-item-title-text\"> Warum ist das Hotel Royal der perfekte Ort f\u00fcr Feiern und besondere Veranstaltungen in den Schweizer Alpen? <\/div><\/span>\n\t\t\t\t\t\t\t<span class='e-n-accordion-item-title-icon'>\n\t\t\t<span class='e-opened' ><i aria-hidden=\"true\" class=\"jki jki-minus-circle-solid\"><\/i><\/span>\n\t\t\t<span class='e-closed'><i aria-hidden=\"true\" class=\"jki jki-plus-circle-solid\"><\/i><\/span>\n\t\t<\/span>\n\n\t\t\t\t\t\t<\/summary>\n\t\t\t\t<div role=\"region\" aria-labelledby=\"e-n-accordion-item-4091\" class=\"elementor-element elementor-element-2d89f2f e-con-full e-flex e-con e-child\" data-id=\"2d89f2f\" data-element_type=\"container\">\n\t\t\t\t<div class=\"elementor-element elementor-element-b5ef4a8 elementor-widget elementor-widget-text-editor\" data-id=\"b5ef4a8\" data-element_type=\"widget\" data-widget_type=\"text-editor.default\">\n\t\t\t\t<div class=\"elementor-widget-container\">\n\t\t\t\t\t\t\t\t\t<p>Das Hotel Royal bietet exklusive Dienstleistungen f\u00fcr Feierlichkeiten und kombiniert luxuri\u00f6se Einrichtungen mit der alpinen Lage in Crans-Montana \u2013 ideal f\u00fcr Hochzeiten, Jubil\u00e4en und besondere Anl\u00e4sse. Crans-Montana erm\u00f6glicht Feiern zu jeder Jahreszeit: von Winterhochzeiten mit Schnee bis hin zu Sommerfesten mit Almwiesen und nahegelegenen Seen. Das Hotel Royal bietet luxuri\u00f6se Unterk\u00fcnfte f\u00fcr G\u00e4ste, kulinarische Erlebnisse und Zugang zu typischen Schweizer Aktivit\u00e4ten wie Zugfahrten durch die Berge, Gletscherbesuche und alpine Traditionen. Das mehrsprachige Personal sorgt f\u00fcr die Betreuung internationaler G\u00e4ste, w\u00e4hrend Einrichtungen wie Spa-Behandlungen, Restaurants und Abendunterhaltung allen Feieranspr\u00fcchen gerecht werden. Die hohen Servicestandards und Diskretion machen das Hotel auch f\u00fcr prominente G\u00e4ste attraktiv, w\u00e4hrend Crans-Montana mit seiner Naturlandschaft die perfekte Kulisse bietet. Die Kombination aus Schweizer Gastfreundschaft, alpiner Umgebung und gehobenem Komfort macht das Hotel Royal zur idealen Wahl f\u00fcr Paare und Familien, die eine unvergessliche Feier in den Bergen Europas suchen.     <\/p>\t\t\t\t\t\t\t\t<\/div>\n\t\t\t\t<\/div>\n\t\t\t\t<\/div>\n\t\t\t\t\t<\/details>\n\t\t\t\t\t<\/div>\n\t\t\t\t\t\t<\/div>\n\t\t\t\t<\/div>\n\t\t\t\t<\/div>\n\t\t\t\t\t<\/div>\n\t\t\t\t<\/div>\n\t\t\t\t<\/div>\n\t\t","protected":false},"excerpt":{"rendered":"<p>Hochzeiten Mitten im Herzen der Schweizer Alpen, umgeben von atemberaubenden Panoramablicken auf die Gipfel des Wallis, bietet unser verborgenes Juwel im Zentrum von Crans-Montana die perfekte Kulisse f\u00fcr Ihre Traumhochzeit. Unsere Event-Koordinatorin k\u00fcmmert sich um jedes Detail Ihres besonderen Tages \u2013 von intimen Zeremonien im engsten Familienkreis bis zu gro\u00dfen Feierlichkeiten mit bis zu 100 [&hellip;]<\/p>\n","protected":false},"author":1,"featured_media":0,"parent":0,"menu_order":0,"comment_status":"closed","ping_status":"closed","template":"elementor_header_footer","meta":{"footnotes":""},"class_list":["post-2893","page","type-page","status-publish","hentry"],"yoast_head":"<!-- This site is optimized with the Yoast SEO plugin v25.5 - https:\/\/yoast.com\/wordpress\/plugins\/seo\/ -->\n<title>Private Veranstaltungen - HOTEL ROYAL \u00e0 Crans-Montana en Valais | Switzerland<\/title>\n<meta name=\"description\" content=\"Feiern Sie Ihre Traumhochzeit in Crans-Montana mit Bergblick, Gourmetk\u00fcche und ma\u00dfgeschneiderten Events f\u00fcr bis zu 100 G\u00e4ste.\" \/>\n<meta name=\"robots\" content=\"index, follow, max-snippet:-1, max-image-preview:large, max-video-preview:-1\" \/>\n<link rel=\"canonical\" href=\"https:\/\/www.hotel-royal.ch\/de\/private-veranstaltungen\/\" \/>\n<meta property=\"og:locale\" content=\"de_DE\" \/>\n<meta property=\"og:type\" content=\"article\" \/>\n<meta property=\"og:title\" content=\"Private Veranstaltungen - HOTEL ROYAL \u00e0 Crans-Montana en Valais | Switzerland\" \/>\n<meta property=\"og:description\" content=\"Feiern Sie Ihre Traumhochzeit in Crans-Montana mit Bergblick, Gourmetk\u00fcche und ma\u00dfgeschneiderten Events f\u00fcr bis zu 100 G\u00e4ste.\" \/>\n<meta property=\"og:url\" content=\"https:\/\/www.hotel-royal.ch\/de\/private-veranstaltungen\/\" \/>\n<meta property=\"og:site_name\" content=\"HOTEL ROYAL \u00e0 Crans-Montana en Valais | Switzerland\" \/>\n<meta property=\"article:modified_time\" content=\"2025-08-07T15:25:02+00:00\" \/>\n<meta property=\"og:image\" content=\"https:\/\/www.hotel-royal.ch\/wp-content\/uploads\/2025\/06\/Depositphotos_130871984_S.jpg\" \/>\n\t<meta property=\"og:image:width\" content=\"1000\" \/>\n\t<meta property=\"og:image:height\" content=\"667\" \/>\n\t<meta property=\"og:image:type\" content=\"image\/jpeg\" \/>\n<meta name=\"twitter:card\" content=\"summary_large_image\" \/>\n<meta name=\"twitter:label1\" content=\"Gesch\u00e4tzte Lesezeit\" \/>\n\t<meta name=\"twitter:data1\" content=\"15\u00a0Minuten\" \/>\n<script type=\"application\/ld+json\" class=\"yoast-schema-graph\">{\"@context\":\"https:\/\/schema.org\",\"@graph\":[{\"@type\":\"WebPage\",\"@id\":\"https:\/\/www.hotel-royal.ch\/de\/private-veranstaltungen\/\",\"url\":\"https:\/\/www.hotel-royal.ch\/de\/private-veranstaltungen\/\",\"name\":\"Private Veranstaltungen - HOTEL ROYAL \u00e0 Crans-Montana en Valais | Switzerland\",\"isPartOf\":{\"@id\":\"https:\/\/www.hotel-royal.ch\/de\/#website\"},\"primaryImageOfPage\":{\"@id\":\"https:\/\/www.hotel-royal.ch\/de\/private-veranstaltungen\/#primaryimage\"},\"image\":{\"@id\":\"https:\/\/www.hotel-royal.ch\/de\/private-veranstaltungen\/#primaryimage\"},\"thumbnailUrl\":\"https:\/\/www.hotel-royal.ch\/wp-content\/uploads\/2025\/06\/Depositphotos_130871984_S.jpg\",\"datePublished\":\"2025-06-09T12:44:15+00:00\",\"dateModified\":\"2025-08-07T15:25:02+00:00\",\"description\":\"Feiern Sie Ihre Traumhochzeit in Crans-Montana mit Bergblick, Gourmetk\u00fcche und ma\u00dfgeschneiderten Events f\u00fcr bis zu 100 G\u00e4ste.\",\"breadcrumb\":{\"@id\":\"https:\/\/www.hotel-royal.ch\/de\/private-veranstaltungen\/#breadcrumb\"},\"inLanguage\":\"de\",\"potentialAction\":[{\"@type\":\"ReadAction\",\"target\":[\"https:\/\/www.hotel-royal.ch\/de\/private-veranstaltungen\/\"]}]},{\"@type\":\"ImageObject\",\"inLanguage\":\"de\",\"@id\":\"https:\/\/www.hotel-royal.ch\/de\/private-veranstaltungen\/#primaryimage\",\"url\":\"https:\/\/www.hotel-royal.ch\/wp-content\/uploads\/2025\/06\/Depositphotos_130871984_S.jpg\",\"contentUrl\":\"https:\/\/www.hotel-royal.ch\/wp-content\/uploads\/2025\/06\/Depositphotos_130871984_S.jpg\"},{\"@type\":\"BreadcrumbList\",\"@id\":\"https:\/\/www.hotel-royal.ch\/de\/private-veranstaltungen\/#breadcrumb\",\"itemListElement\":[{\"@type\":\"ListItem\",\"position\":1,\"name\":\"Home\",\"item\":\"https:\/\/www.hotel-royal.ch\/de\/\"},{\"@type\":\"ListItem\",\"position\":2,\"name\":\"Private Veranstaltungen\"}]},{\"@type\":\"WebSite\",\"@id\":\"https:\/\/www.hotel-royal.ch\/de\/#website\",\"url\":\"https:\/\/www.hotel-royal.ch\/de\/\",\"name\":\"HOTEL ROYAL \u00e0 Crans-Montana en Valais | Switzerland\",\"description\":\"Experience true luxury at our 5-star hotel in Crans Montana, Switzerland. Indulge in gourmet dining, or an unforgettable spa visit.\",\"publisher\":{\"@id\":\"https:\/\/www.hotel-royal.ch\/de\/#organization\"},\"potentialAction\":[{\"@type\":\"SearchAction\",\"target\":{\"@type\":\"EntryPoint\",\"urlTemplate\":\"https:\/\/www.hotel-royal.ch\/de\/?s={search_term_string}\"},\"query-input\":{\"@type\":\"PropertyValueSpecification\",\"valueRequired\":true,\"valueName\":\"search_term_string\"}}],\"inLanguage\":\"de\"},{\"@type\":\"Organization\",\"@id\":\"https:\/\/www.hotel-royal.ch\/de\/#organization\",\"name\":\"HOTEL ROYAL \u00e0 Crans-Montana en Valais | Switzerland\",\"url\":\"https:\/\/www.hotel-royal.ch\/de\/\",\"logo\":{\"@type\":\"ImageObject\",\"inLanguage\":\"de\",\"@id\":\"https:\/\/www.hotel-royal.ch\/de\/#\/schema\/logo\/image\/\",\"url\":\"https:\/\/www.hotel-royal.ch\/wp-content\/uploads\/2025\/05\/group_59.png\",\"contentUrl\":\"https:\/\/www.hotel-royal.ch\/wp-content\/uploads\/2025\/05\/group_59.png\",\"width\":252,\"height\":342,\"caption\":\"HOTEL ROYAL \u00e0 Crans-Montana en Valais | Switzerland\"},\"image\":{\"@id\":\"https:\/\/www.hotel-royal.ch\/de\/#\/schema\/logo\/image\/\"}}]}<\/script>\n<!-- \/ Yoast SEO plugin. -->","yoast_head_json":{"title":"Private Veranstaltungen - HOTEL ROYAL \u00e0 Crans-Montana en Valais | Switzerland","description":"Feiern Sie Ihre Traumhochzeit in Crans-Montana mit Bergblick, Gourmetk\u00fcche und ma\u00dfgeschneiderten Events f\u00fcr bis zu 100 G\u00e4ste.","robots":{"index":"index","follow":"follow","max-snippet":"max-snippet:-1","max-image-preview":"max-image-preview:large","max-video-preview":"max-video-preview:-1"},"canonical":"https:\/\/www.hotel-royal.ch\/de\/private-veranstaltungen\/","og_locale":"de_DE","og_type":"article","og_title":"Private Veranstaltungen - HOTEL ROYAL \u00e0 Crans-Montana en Valais | Switzerland","og_description":"Feiern Sie Ihre Traumhochzeit in Crans-Montana mit Bergblick, Gourmetk\u00fcche und ma\u00dfgeschneiderten Events f\u00fcr bis zu 100 G\u00e4ste.","og_url":"https:\/\/www.hotel-royal.ch\/de\/private-veranstaltungen\/","og_site_name":"HOTEL ROYAL \u00e0 Crans-Montana en Valais | Switzerland","article_modified_time":"2025-08-07T15:25:02+00:00","og_image":[{"width":1000,"height":667,"url":"https:\/\/www.hotel-royal.ch\/wp-content\/uploads\/2025\/06\/Depositphotos_130871984_S.jpg","type":"image\/jpeg"}],"twitter_card":"summary_large_image","twitter_misc":{"Gesch\u00e4tzte Lesezeit":"15\u00a0Minuten"},"schema":{"@context":"https:\/\/schema.org","@graph":[{"@type":"WebPage","@id":"https:\/\/www.hotel-royal.ch\/de\/private-veranstaltungen\/","url":"https:\/\/www.hotel-royal.ch\/de\/private-veranstaltungen\/","name":"Private Veranstaltungen - HOTEL ROYAL \u00e0 Crans-Montana en Valais | Switzerland","isPartOf":{"@id":"https:\/\/www.hotel-royal.ch\/de\/#website"},"primaryImageOfPage":{"@id":"https:\/\/www.hotel-royal.ch\/de\/private-veranstaltungen\/#primaryimage"},"image":{"@id":"https:\/\/www.hotel-royal.ch\/de\/private-veranstaltungen\/#primaryimage"},"thumbnailUrl":"https:\/\/www.hotel-royal.ch\/wp-content\/uploads\/2025\/06\/Depositphotos_130871984_S.jpg","datePublished":"2025-06-09T12:44:15+00:00","dateModified":"2025-08-07T15:25:02+00:00","description":"Feiern Sie Ihre Traumhochzeit in Crans-Montana mit Bergblick, Gourmetk\u00fcche und ma\u00dfgeschneiderten Events f\u00fcr bis zu 100 G\u00e4ste.","breadcrumb":{"@id":"https:\/\/www.hotel-royal.ch\/de\/private-veranstaltungen\/#breadcrumb"},"inLanguage":"de","potentialAction":[{"@type":"ReadAction","target":["https:\/\/www.hotel-royal.ch\/de\/private-veranstaltungen\/"]}]},{"@type":"ImageObject","inLanguage":"de","@id":"https:\/\/www.hotel-royal.ch\/de\/private-veranstaltungen\/#primaryimage","url":"https:\/\/www.hotel-royal.ch\/wp-content\/uploads\/2025\/06\/Depositphotos_130871984_S.jpg","contentUrl":"https:\/\/www.hotel-royal.ch\/wp-content\/uploads\/2025\/06\/Depositphotos_130871984_S.jpg"},{"@type":"BreadcrumbList","@id":"https:\/\/www.hotel-royal.ch\/de\/private-veranstaltungen\/#breadcrumb","itemListElement":[{"@type":"ListItem","position":1,"name":"Home","item":"https:\/\/www.hotel-royal.ch\/de\/"},{"@type":"ListItem","position":2,"name":"Private Veranstaltungen"}]},{"@type":"WebSite","@id":"https:\/\/www.hotel-royal.ch\/de\/#website","url":"https:\/\/www.hotel-royal.ch\/de\/","name":"HOTEL ROYAL \u00e0 Crans-Montana en Valais | Switzerland","description":"Experience true luxury at our 5-star hotel in Crans Montana, Switzerland. Indulge in gourmet dining, or an unforgettable spa visit.","publisher":{"@id":"https:\/\/www.hotel-royal.ch\/de\/#organization"},"potentialAction":[{"@type":"SearchAction","target":{"@type":"EntryPoint","urlTemplate":"https:\/\/www.hotel-royal.ch\/de\/?s={search_term_string}"},"query-input":{"@type":"PropertyValueSpecification","valueRequired":true,"valueName":"search_term_string"}}],"inLanguage":"de"},{"@type":"Organization","@id":"https:\/\/www.hotel-royal.ch\/de\/#organization","name":"HOTEL ROYAL \u00e0 Crans-Montana en Valais | Switzerland","url":"https:\/\/www.hotel-royal.ch\/de\/","logo":{"@type":"ImageObject","inLanguage":"de","@id":"https:\/\/www.hotel-royal.ch\/de\/#\/schema\/logo\/image\/","url":"https:\/\/www.hotel-royal.ch\/wp-content\/uploads\/2025\/05\/group_59.png","contentUrl":"https:\/\/www.hotel-royal.ch\/wp-content\/uploads\/2025\/05\/group_59.png","width":252,"height":342,"caption":"HOTEL ROYAL \u00e0 Crans-Montana en Valais | Switzerland"},"image":{"@id":"https:\/\/www.hotel-royal.ch\/de\/#\/schema\/logo\/image\/"}}]}},"_links":{"self":[{"href":"https:\/\/www.hotel-royal.ch\/de\/wp-json\/wp\/v2\/pages\/2893","targetHints":{"allow":["GET"]}}],"collection":[{"href":"https:\/\/www.hotel-royal.ch\/de\/wp-json\/wp\/v2\/pages"}],"about":[{"href":"https:\/\/www.hotel-royal.ch\/de\/wp-json\/wp\/v2\/types\/page"}],"author":[{"embeddable":true,"href":"https:\/\/www.hotel-royal.ch\/de\/wp-json\/wp\/v2\/users\/1"}],"replies":[{"embeddable":true,"href":"https:\/\/www.hotel-royal.ch\/de\/wp-json\/wp\/v2\/comments?post=2893"}],"version-history":[{"count":4,"href":"https:\/\/www.hotel-royal.ch\/de\/wp-json\/wp\/v2\/pages\/2893\/revisions"}],"predecessor-version":[{"id":3972,"href":"https:\/\/www.hotel-royal.ch\/de\/wp-json\/wp\/v2\/pages\/2893\/revisions\/3972"}],"wp:attachment":[{"href":"https:\/\/www.hotel-royal.ch\/de\/wp-json\/wp\/v2\/media?parent=2893"}],"curies":[{"name":"wp","href":"https:\/\/api.w.org\/{rel}","templated":true}]}}